{"id":220,"date":"2019-03-05T13:14:26","date_gmt":"2019-03-05T12:14:26","guid":{"rendered":"http:\/\/proyectolabor.es\/familias\/?page_id=220"},"modified":"2020-02-12T16:01:31","modified_gmt":"2020-02-12T15:01:31","slug":"recetas","status":"publish","type":"page","link":"https:\/\/proyectolabor.es\/familias\/recetas\/","title":{"rendered":"Recetas"},"content":{"rendered":"<div class=\"wpb-content-wrapper\">[vc_row][vc_column][vc_custom_heading text=\u00bbRecetas que te proponemos&#8230;\u00bb font_container=\u00bbtag:h2|font_size:30|text_align:left|color:%23dd3333&#8243; google_fonts=\u00bbfont_family:Permanent%20Marker%3Aregular|font_style:400%20regular%3A400%3Anormal\u00bb][vc_column_text]Para esos d\u00edas de prisas.. o para esos d\u00edas en los que no te ha dado tiempo a hacer la compra&#8230; te proponemos recetas f\u00e1ciles y r\u00e1pidas de hacer.<br \/>\nTambi\u00e9n incluimos recetas para los d\u00edas de fiesta, y los fines de semana&#8230;[\/vc_column_text][\/vc_column][vc_column]<style>.vcex-blog-grid-wrap.vcex_69ee041b3bfc5 .entry-readmore{color:blue;}<\/style><div class=\"vcex-module vcex-blog-grid-wrap wpex-clr vcex_69ee041b3bfc5\"><ul class=\"vcex-blog-filter vcex-filter-links wpex-flex-wrap wpex-list-none wpex-m-0 wpex-mb-25 wpex-gap-5 wpex-flex\"><li class=\"active\"><a href=\"#\" data-filter=\"*\" class=\"theme-button minimal-border\"><span>Todo<\/span><\/a><\/li><li class=\"filter-cat-15\"><a href=\"#\" data-filter=\".cat-15\" class=\"theme-button minimal-border\">Guarniciones<\/a><\/li><li class=\"filter-cat-16\"><a href=\"#\" data-filter=\".cat-16\" class=\"theme-button minimal-border\">Postres<\/a><\/li><li class=\"filter-cat-13\"><a href=\"#\" data-filter=\".cat-13\" class=\"theme-button minimal-border\">Primeros Platos<\/a><\/li><li class=\"filter-cat-14\"><a href=\"#\" data-filter=\".cat-14\" class=\"theme-button minimal-border\">Segundos Platos<\/a><\/li><\/ul><div class=\"wpex-row vcex-blog-grid wpex-clr entries vcex-isotope-grid wpex-overflow-hidden\"><div class=\"vcex-blog-entry vcex-grid-item entry-has-details span_1_of_4 col-1 col vcex-isotope-entry cat-15 cat-7 cat-1 entry post-2098 type-post has-media\"><div class=\"vcex-blog-entry-inner entry-inner wpex-first-mt-0 wpex-last-mb-0 wpex-clr\"><div class=\"vcex-blog-entry-media entry-media wpex-relative\"><a href=\"https:\/\/proyectolabor.es\/familias\/2024\/05\/10\/salsa-ranchera-sin-gluten\/\" title=\"Salsa ranchera sin gluten\"><img width=\"450\" height=\"300\" src=\"https:\/\/proyectolabor.es\/familias\/wp-content\/uploads\/2024\/05\/salsa-2.jpg\" class=\"vcex-blog-entry-img wpex-align-middle skip-lazy\" alt=\"\" data-no-lazy=\"1\" srcset=\"https:\/\/proyectolabor.es\/familias\/wp-content\/uploads\/2024\/05\/salsa-2.jpg 450w, https:\/\/proyectolabor.es\/familias\/wp-content\/uploads\/2024\/05\/salsa-2-300x200.jpg 300w\" sizes=\"(max-width: 450px) 100vw, 450px\" \/><\/a><\/div><div class=\"vcex-blog-entry-details entry-details wpex-bordered wpex-first-mt-0 wpex-last-mb-0 wpex-clr\"><h2 class=\"vcex-blog-entry-title entry-title wpex-mb-5\"><a href=\"https:\/\/proyectolabor.es\/familias\/2024\/05\/10\/salsa-ranchera-sin-gluten\/\">Salsa ranchera sin gluten<\/a><\/h2><div class=\"vcex-blog-entry-date entry-date wpex-text-sm wpex-text-3 wpex-mb-5\">10 mayo, 2024<\/div><div class=\"vcex-blog-entry-excerpt entry-excerpt wpex-my-15 wpex-text-pretty wpex-last-mb-0 wpex-clr\"><p>Aunque todos conocemos la t\u00edpica frase de \"no puedo comer gluten\" o \"soy cel\u00edaco\", no&hellip;<\/p><\/div><div class=\"vcex-blog-entry-readmore-wrap entry-readmore-wrap wpex-my-15 wpex-clr\"><a href=\"https:\/\/proyectolabor.es\/familias\/2024\/05\/10\/salsa-ranchera-sin-gluten\/\" class=\"entry-readmore theme-button blue\" aria-label=\"Leer m\u00e1s about Salsa ranchera sin gluten\">Leer m\u00e1s<\/a><\/div><\/div><\/div><\/div><div class=\"vcex-blog-entry vcex-grid-item entry-has-details span_1_of_4 col-2 col vcex-isotope-entry cat-13 cat-7 entry post-2084 type-post has-media\"><div class=\"vcex-blog-entry-inner entry-inner wpex-first-mt-0 wpex-last-mb-0 wpex-clr\"><div class=\"vcex-blog-entry-media entry-media wpex-relative\"><a href=\"https:\/\/proyectolabor.es\/familias\/2024\/04\/17\/salmorejo-cordobes-el-de-toda-la-vida\/\" title=\"Salmorejo Cordob\u00e9s&#8230;\u00a1el de toda la vida!\"><img width=\"1600\" height=\"900\" src=\"https:\/\/proyectolabor.es\/familias\/wp-content\/uploads\/2024\/04\/salmorejo.jpg\" class=\"vcex-blog-entry-img wpex-align-middle skip-lazy\" alt=\"\" data-no-lazy=\"1\" srcset=\"https:\/\/proyectolabor.es\/familias\/wp-content\/uploads\/2024\/04\/salmorejo.jpg 1600w, https:\/\/proyectolabor.es\/familias\/wp-content\/uploads\/2024\/04\/salmorejo-300x169.jpg 300w, https:\/\/proyectolabor.es\/familias\/wp-content\/uploads\/2024\/04\/salmorejo-1024x576.jpg 1024w, https:\/\/proyectolabor.es\/familias\/wp-content\/uploads\/2024\/04\/salmorejo-768x432.jpg 768w, https:\/\/proyectolabor.es\/familias\/wp-content\/uploads\/2024\/04\/salmorejo-1536x864.jpg 1536w\" sizes=\"(max-width: 1600px) 100vw, 1600px\" \/><\/a><\/div><div class=\"vcex-blog-entry-details entry-details wpex-bordered wpex-first-mt-0 wpex-last-mb-0 wpex-clr\"><h2 class=\"vcex-blog-entry-title entry-title wpex-mb-5\"><a href=\"https:\/\/proyectolabor.es\/familias\/2024\/04\/17\/salmorejo-cordobes-el-de-toda-la-vida\/\">Salmorejo Cordob\u00e9s&#8230;\u00a1el de toda la vida!<\/a><\/h2><div class=\"vcex-blog-entry-date entry-date wpex-text-sm wpex-text-3 wpex-mb-5\">17 abril, 2024<\/div><div class=\"vcex-blog-entry-excerpt entry-excerpt wpex-my-15 wpex-text-pretty wpex-last-mb-0 wpex-clr\"><p>Ha llegado el buen tiempo, el calor, y los platos calientes de cuchara igual ya&hellip;<\/p><\/div><div class=\"vcex-blog-entry-readmore-wrap entry-readmore-wrap wpex-my-15 wpex-clr\"><a href=\"https:\/\/proyectolabor.es\/familias\/2024\/04\/17\/salmorejo-cordobes-el-de-toda-la-vida\/\" class=\"entry-readmore theme-button blue\" aria-label=\"Leer m\u00e1s about Salmorejo Cordob\u00e9s&#8230;\u00a1el de toda la vida!\">Leer m\u00e1s<\/a><\/div><\/div><\/div><\/div><div class=\"vcex-blog-entry vcex-grid-item entry-has-details span_1_of_4 col-3 col vcex-isotope-entry cat-16 cat-7 entry post-2073 type-post has-media\"><div class=\"vcex-blog-entry-inner entry-inner wpex-first-mt-0 wpex-last-mb-0 wpex-clr\"><div class=\"vcex-blog-entry-media entry-media wpex-relative\"><a href=\"https:\/\/proyectolabor.es\/familias\/2024\/03\/26\/torrijas-caseras\/\" title=\"Torrijas caseras\"><img width=\"1000\" height=\"567\" src=\"https:\/\/proyectolabor.es\/familias\/wp-content\/uploads\/2024\/03\/torrijas2-1.webp\" class=\"vcex-blog-entry-img wpex-align-middle skip-lazy\" alt=\"\" data-no-lazy=\"1\" srcset=\"https:\/\/proyectolabor.es\/familias\/wp-content\/uploads\/2024\/03\/torrijas2-1.webp 1000w, https:\/\/proyectolabor.es\/familias\/wp-content\/uploads\/2024\/03\/torrijas2-1-300x170.webp 300w, https:\/\/proyectolabor.es\/familias\/wp-content\/uploads\/2024\/03\/torrijas2-1-768x435.webp 768w\" sizes=\"(max-width: 1000px) 100vw, 1000px\" \/><\/a><\/div><div class=\"vcex-blog-entry-details entry-details wpex-bordered wpex-first-mt-0 wpex-last-mb-0 wpex-clr\"><h2 class=\"vcex-blog-entry-title entry-title wpex-mb-5\"><a href=\"https:\/\/proyectolabor.es\/familias\/2024\/03\/26\/torrijas-caseras\/\">Torrijas caseras<\/a><\/h2><div class=\"vcex-blog-entry-date entry-date wpex-text-sm wpex-text-3 wpex-mb-5\">26 marzo, 2024<\/div><div class=\"vcex-blog-entry-excerpt entry-excerpt wpex-my-15 wpex-text-pretty wpex-last-mb-0 wpex-clr\"><p>Como no pod\u00eda ser de otro modo, retomamos nuestras \u00fatiles recetas con una cl\u00e1sica, de&hellip;<\/p><\/div><div class=\"vcex-blog-entry-readmore-wrap entry-readmore-wrap wpex-my-15 wpex-clr\"><a href=\"https:\/\/proyectolabor.es\/familias\/2024\/03\/26\/torrijas-caseras\/\" class=\"entry-readmore theme-button blue\" aria-label=\"Leer m\u00e1s about Torrijas caseras\">Leer m\u00e1s<\/a><\/div><\/div><\/div><\/div><div class=\"vcex-blog-entry vcex-grid-item entry-has-details span_1_of_4 col-4 col vcex-isotope-entry cat-15 cat-7 entry post-1777 type-post has-media post_format-47\"><div class=\"vcex-blog-entry-inner entry-inner wpex-first-mt-0 wpex-last-mb-0 wpex-clr\"><div class=\"vcex-blog-entry-media entry-media wpex-relative\"><a href=\"https:\/\/proyectolabor.es\/familias\/2021\/08\/10\/ketchup-casero\/\" title=\"Ketchup casero\"><img width=\"984\" height=\"468\" src=\"https:\/\/proyectolabor.es\/familias\/wp-content\/uploads\/2021\/08\/ketchup-casero-kg2F-U100956498241x3F-984x468@Diario-Vasco.jpg\" class=\"vcex-blog-entry-img wpex-align-middle skip-lazy\" alt=\"\" data-no-lazy=\"1\" srcset=\"https:\/\/proyectolabor.es\/familias\/wp-content\/uploads\/2021\/08\/ketchup-casero-kg2F-U100956498241x3F-984x468@Diario-Vasco.jpg 984w, https:\/\/proyectolabor.es\/familias\/wp-content\/uploads\/2021\/08\/ketchup-casero-kg2F-U100956498241x3F-984x468@Diario-Vasco-300x143.jpg 300w, https:\/\/proyectolabor.es\/familias\/wp-content\/uploads\/2021\/08\/ketchup-casero-kg2F-U100956498241x3F-984x468@Diario-Vasco-768x365.jpg 768w\" sizes=\"(max-width: 984px) 100vw, 984px\" \/><\/a><\/div><div class=\"vcex-blog-entry-details entry-details wpex-bordered wpex-first-mt-0 wpex-last-mb-0 wpex-clr\"><h2 class=\"vcex-blog-entry-title entry-title wpex-mb-5\"><a href=\"https:\/\/proyectolabor.es\/familias\/2021\/08\/10\/ketchup-casero\/\">Ketchup casero<\/a><\/h2><div class=\"vcex-blog-entry-date entry-date wpex-text-sm wpex-text-3 wpex-mb-5\">10 agosto, 2021<\/div><div class=\"vcex-blog-entry-excerpt entry-excerpt wpex-my-15 wpex-text-pretty wpex-last-mb-0 wpex-clr\"><p>No hay extracto porque es una entrada protegida.<\/p><\/div><div class=\"vcex-blog-entry-readmore-wrap entry-readmore-wrap wpex-my-15 wpex-clr\"><a href=\"https:\/\/proyectolabor.es\/familias\/2021\/08\/10\/ketchup-casero\/\" class=\"entry-readmore theme-button blue\" aria-label=\"Leer m\u00e1s about Ketchup casero\">Leer m\u00e1s<\/a><\/div><\/div><\/div><\/div><div class=\"vcex-blog-entry vcex-grid-item entry-has-details span_1_of_4 col-1 col vcex-isotope-entry cat-37 cat-7 cat-14 entry post-1721 type-post has-media\"><div class=\"vcex-blog-entry-inner entry-inner wpex-first-mt-0 wpex-last-mb-0 wpex-clr\"><div class=\"vcex-blog-entry-media entry-media wpex-relative\"><a href=\"https:\/\/proyectolabor.es\/familias\/2020\/11\/02\/alitas-de-pollo-en-el-horno\/\" title=\"Alitas de pollo en el horno\"><img width=\"800\" height=\"533\" src=\"https:\/\/proyectolabor.es\/familias\/wp-content\/uploads\/2020\/11\/alitas-pollo-horno.png\" class=\"vcex-blog-entry-img wpex-align-middle skip-lazy\" alt=\"\" data-no-lazy=\"1\" srcset=\"https:\/\/proyectolabor.es\/familias\/wp-content\/uploads\/2020\/11\/alitas-pollo-horno.png 800w, https:\/\/proyectolabor.es\/familias\/wp-content\/uploads\/2020\/11\/alitas-pollo-horno-300x200.png 300w, https:\/\/proyectolabor.es\/familias\/wp-content\/uploads\/2020\/11\/alitas-pollo-horno-768x512.png 768w\" sizes=\"(max-width: 800px) 100vw, 800px\" \/><\/a><\/div><div class=\"vcex-blog-entry-details entry-details wpex-bordered wpex-first-mt-0 wpex-last-mb-0 wpex-clr\"><h2 class=\"vcex-blog-entry-title entry-title wpex-mb-5\"><a href=\"https:\/\/proyectolabor.es\/familias\/2020\/11\/02\/alitas-de-pollo-en-el-horno\/\">Alitas de pollo en el horno<\/a><\/h2><div class=\"vcex-blog-entry-date entry-date wpex-text-sm wpex-text-3 wpex-mb-5\">2 noviembre, 2020<\/div><div class=\"vcex-blog-entry-excerpt entry-excerpt wpex-my-15 wpex-text-pretty wpex-last-mb-0 wpex-clr\"><p>No hay extracto porque es una entrada protegida.<\/p><\/div><div class=\"vcex-blog-entry-readmore-wrap entry-readmore-wrap wpex-my-15 wpex-clr\"><a href=\"https:\/\/proyectolabor.es\/familias\/2020\/11\/02\/alitas-de-pollo-en-el-horno\/\" class=\"entry-readmore theme-button blue\" aria-label=\"Leer m\u00e1s about Alitas de pollo en el horno\">Leer m\u00e1s<\/a><\/div><\/div><\/div><\/div><div class=\"vcex-blog-entry vcex-grid-item entry-has-details span_1_of_4 col-2 col vcex-isotope-entry cat-37 cat-7 cat-14 entry post-1645 type-post has-media\"><div class=\"vcex-blog-entry-inner entry-inner wpex-first-mt-0 wpex-last-mb-0 wpex-clr\"><div class=\"vcex-blog-entry-media entry-media wpex-relative\"><a href=\"https:\/\/proyectolabor.es\/familias\/2020\/09\/21\/brochetas-de-pollo\/\" title=\"Brochetas de Pollo\"><img width=\"800\" height=\"533\" src=\"https:\/\/proyectolabor.es\/familias\/wp-content\/uploads\/2020\/09\/ideas-para-las-cenas-.png\" class=\"vcex-blog-entry-img wpex-align-middle skip-lazy\" alt=\"\" data-no-lazy=\"1\" srcset=\"https:\/\/proyectolabor.es\/familias\/wp-content\/uploads\/2020\/09\/ideas-para-las-cenas-.png 800w, https:\/\/proyectolabor.es\/familias\/wp-content\/uploads\/2020\/09\/ideas-para-las-cenas--300x200.png 300w, https:\/\/proyectolabor.es\/familias\/wp-content\/uploads\/2020\/09\/ideas-para-las-cenas--768x512.png 768w\" sizes=\"(max-width: 800px) 100vw, 800px\" \/><\/a><\/div><div class=\"vcex-blog-entry-details entry-details wpex-bordered wpex-first-mt-0 wpex-last-mb-0 wpex-clr\"><h2 class=\"vcex-blog-entry-title entry-title wpex-mb-5\"><a href=\"https:\/\/proyectolabor.es\/familias\/2020\/09\/21\/brochetas-de-pollo\/\">Brochetas de Pollo<\/a><\/h2><div class=\"vcex-blog-entry-date entry-date wpex-text-sm wpex-text-3 wpex-mb-5\">21 septiembre, 2020<\/div><div class=\"vcex-blog-entry-excerpt entry-excerpt wpex-my-15 wpex-text-pretty wpex-last-mb-0 wpex-clr\"><p>No hay extracto porque es una entrada protegida.<\/p><\/div><div class=\"vcex-blog-entry-readmore-wrap entry-readmore-wrap wpex-my-15 wpex-clr\"><a href=\"https:\/\/proyectolabor.es\/familias\/2020\/09\/21\/brochetas-de-pollo\/\" class=\"entry-readmore theme-button blue\" aria-label=\"Leer m\u00e1s about Brochetas de Pollo\">Leer m\u00e1s<\/a><\/div><\/div><\/div><\/div><div class=\"vcex-blog-entry vcex-grid-item entry-has-details span_1_of_4 col-3 col vcex-isotope-entry cat-36 cat-13 cat-7 entry post-1577 type-post has-media\"><div class=\"vcex-blog-entry-inner entry-inner wpex-first-mt-0 wpex-last-mb-0 wpex-clr\"><div class=\"vcex-blog-entry-media entry-media wpex-relative\"><a href=\"https:\/\/proyectolabor.es\/familias\/2020\/08\/27\/tres-recetas-de-pasta-faciles-y-rapidas-de-preparar\/\" title=\"Tres recetas de pasta f\u00e1ciles y r\u00e1pidas de preparar\"><img width=\"800\" height=\"534\" src=\"https:\/\/proyectolabor.es\/familias\/wp-content\/uploads\/2020\/08\/3recetaspasta.png\" class=\"vcex-blog-entry-img wpex-align-middle skip-lazy\" alt=\"\" data-no-lazy=\"1\" srcset=\"https:\/\/proyectolabor.es\/familias\/wp-content\/uploads\/2020\/08\/3recetaspasta.png 800w, https:\/\/proyectolabor.es\/familias\/wp-content\/uploads\/2020\/08\/3recetaspasta-300x200.png 300w, https:\/\/proyectolabor.es\/familias\/wp-content\/uploads\/2020\/08\/3recetaspasta-768x513.png 768w\" sizes=\"(max-width: 800px) 100vw, 800px\" \/><\/a><\/div><div class=\"vcex-blog-entry-details entry-details wpex-bordered wpex-first-mt-0 wpex-last-mb-0 wpex-clr\"><h2 class=\"vcex-blog-entry-title entry-title wpex-mb-5\"><a href=\"https:\/\/proyectolabor.es\/familias\/2020\/08\/27\/tres-recetas-de-pasta-faciles-y-rapidas-de-preparar\/\">Tres recetas de pasta f\u00e1ciles y r\u00e1pidas de preparar<\/a><\/h2><div class=\"vcex-blog-entry-date entry-date wpex-text-sm wpex-text-3 wpex-mb-5\">27 agosto, 2020<\/div><div class=\"vcex-blog-entry-excerpt entry-excerpt wpex-my-15 wpex-text-pretty wpex-last-mb-0 wpex-clr\"><p>No hay extracto porque es una entrada protegida.<\/p><\/div><div class=\"vcex-blog-entry-readmore-wrap entry-readmore-wrap wpex-my-15 wpex-clr\"><a href=\"https:\/\/proyectolabor.es\/familias\/2020\/08\/27\/tres-recetas-de-pasta-faciles-y-rapidas-de-preparar\/\" class=\"entry-readmore theme-button blue\" aria-label=\"Leer m\u00e1s about Tres recetas de pasta f\u00e1ciles y r\u00e1pidas de preparar\">Leer m\u00e1s<\/a><\/div><\/div><\/div><\/div><div class=\"vcex-blog-entry vcex-grid-item entry-has-details span_1_of_4 col-4 col vcex-isotope-entry cat-46 cat-13 cat-7 entry post-1573 type-post has-media\"><div class=\"vcex-blog-entry-inner entry-inner wpex-first-mt-0 wpex-last-mb-0 wpex-clr\"><div class=\"vcex-blog-entry-media entry-media wpex-relative\"><a href=\"https:\/\/proyectolabor.es\/familias\/2020\/08\/04\/garbanzos-con-gambas\/\" title=\"Garbanzos con gambas\"><img width=\"800\" height=\"533\" src=\"https:\/\/proyectolabor.es\/familias\/wp-content\/uploads\/2020\/08\/garbanzoscongambas.png\" class=\"vcex-blog-entry-img wpex-align-middle skip-lazy\" alt=\"\" data-no-lazy=\"1\" srcset=\"https:\/\/proyectolabor.es\/familias\/wp-content\/uploads\/2020\/08\/garbanzoscongambas.png 800w, https:\/\/proyectolabor.es\/familias\/wp-content\/uploads\/2020\/08\/garbanzoscongambas-300x200.png 300w, https:\/\/proyectolabor.es\/familias\/wp-content\/uploads\/2020\/08\/garbanzoscongambas-768x512.png 768w\" sizes=\"(max-width: 800px) 100vw, 800px\" \/><\/a><\/div><div class=\"vcex-blog-entry-details entry-details wpex-bordered wpex-first-mt-0 wpex-last-mb-0 wpex-clr\"><h2 class=\"vcex-blog-entry-title entry-title wpex-mb-5\"><a href=\"https:\/\/proyectolabor.es\/familias\/2020\/08\/04\/garbanzos-con-gambas\/\">Garbanzos con gambas<\/a><\/h2><div class=\"vcex-blog-entry-date entry-date wpex-text-sm wpex-text-3 wpex-mb-5\">4 agosto, 2020<\/div><div class=\"vcex-blog-entry-excerpt entry-excerpt wpex-my-15 wpex-text-pretty wpex-last-mb-0 wpex-clr\"><p>No hay extracto porque es una entrada protegida.<\/p><\/div><div class=\"vcex-blog-entry-readmore-wrap entry-readmore-wrap wpex-my-15 wpex-clr\"><a href=\"https:\/\/proyectolabor.es\/familias\/2020\/08\/04\/garbanzos-con-gambas\/\" class=\"entry-readmore theme-button blue\" aria-label=\"Leer m\u00e1s about Garbanzos con gambas\">Leer m\u00e1s<\/a><\/div><\/div><\/div><\/div><div class=\"vcex-blog-entry vcex-grid-item entry-has-details span_1_of_4 col-1 col vcex-isotope-entry cat-45 cat-13 cat-7 entry post-1563 type-post has-media\"><div class=\"vcex-blog-entry-inner entry-inner wpex-first-mt-0 wpex-last-mb-0 wpex-clr\"><div class=\"vcex-blog-entry-media entry-media wpex-relative\"><a href=\"https:\/\/proyectolabor.es\/familias\/2020\/07\/21\/taboule-con-cherrys-y-pasas\/\" title=\"Taboul\u00e9 con cherrys y pasas\"><img width=\"800\" height=\"533\" src=\"https:\/\/proyectolabor.es\/familias\/wp-content\/uploads\/2020\/07\/8.png\" class=\"vcex-blog-entry-img wpex-align-middle skip-lazy\" alt=\"Ensalada tabul\u00e9 cherrys\" data-no-lazy=\"1\" srcset=\"https:\/\/proyectolabor.es\/familias\/wp-content\/uploads\/2020\/07\/8.png 800w, https:\/\/proyectolabor.es\/familias\/wp-content\/uploads\/2020\/07\/8-300x200.png 300w, https:\/\/proyectolabor.es\/familias\/wp-content\/uploads\/2020\/07\/8-768x512.png 768w\" sizes=\"(max-width: 800px) 100vw, 800px\" \/><\/a><\/div><div class=\"vcex-blog-entry-details entry-details wpex-bordered wpex-first-mt-0 wpex-last-mb-0 wpex-clr\"><h2 class=\"vcex-blog-entry-title entry-title wpex-mb-5\"><a href=\"https:\/\/proyectolabor.es\/familias\/2020\/07\/21\/taboule-con-cherrys-y-pasas\/\">Taboul\u00e9 con cherrys y pasas<\/a><\/h2><div class=\"vcex-blog-entry-date entry-date wpex-text-sm wpex-text-3 wpex-mb-5\">21 julio, 2020<\/div><div class=\"vcex-blog-entry-excerpt entry-excerpt wpex-my-15 wpex-text-pretty wpex-last-mb-0 wpex-clr\"><p>No hay extracto porque es una entrada protegida.<\/p><\/div><div class=\"vcex-blog-entry-readmore-wrap entry-readmore-wrap wpex-my-15 wpex-clr\"><a href=\"https:\/\/proyectolabor.es\/familias\/2020\/07\/21\/taboule-con-cherrys-y-pasas\/\" class=\"entry-readmore theme-button blue\" aria-label=\"Leer m\u00e1s about Taboul\u00e9 con cherrys y pasas\">Leer m\u00e1s<\/a><\/div><\/div><\/div><\/div><div class=\"vcex-blog-entry vcex-grid-item entry-has-details span_1_of_4 col-2 col vcex-isotope-entry cat-16 cat-7 entry post-1517 type-post has-media\"><div class=\"vcex-blog-entry-inner entry-inner wpex-first-mt-0 wpex-last-mb-0 wpex-clr\"><div class=\"vcex-blog-entry-media entry-media wpex-relative\"><a href=\"https:\/\/proyectolabor.es\/familias\/2020\/03\/10\/tarta-de-galletas-tipo-oreo-con-y-sin-gluten\/\" title=\"Tarta de Galletas tipo Oreo\u00a9 &#8211; con y sin gluten\"><img width=\"800\" height=\"533\" src=\"https:\/\/proyectolabor.es\/familias\/wp-content\/uploads\/2020\/03\/tarta-galletas-tipo-oreo.png\" class=\"vcex-blog-entry-img wpex-align-middle skip-lazy\" alt=\"Tarta de Galletas tipo Oreo\" data-no-lazy=\"1\" srcset=\"https:\/\/proyectolabor.es\/familias\/wp-content\/uploads\/2020\/03\/tarta-galletas-tipo-oreo.png 800w, https:\/\/proyectolabor.es\/familias\/wp-content\/uploads\/2020\/03\/tarta-galletas-tipo-oreo-300x200.png 300w, https:\/\/proyectolabor.es\/familias\/wp-content\/uploads\/2020\/03\/tarta-galletas-tipo-oreo-768x512.png 768w\" sizes=\"(max-width: 800px) 100vw, 800px\" \/><\/a><\/div><div class=\"vcex-blog-entry-details entry-details wpex-bordered wpex-first-mt-0 wpex-last-mb-0 wpex-clr\"><h2 class=\"vcex-blog-entry-title entry-title wpex-mb-5\"><a href=\"https:\/\/proyectolabor.es\/familias\/2020\/03\/10\/tarta-de-galletas-tipo-oreo-con-y-sin-gluten\/\">Tarta de Galletas tipo Oreo\u00a9 &#8211; con y sin gluten<\/a><\/h2><div class=\"vcex-blog-entry-date entry-date wpex-text-sm wpex-text-3 wpex-mb-5\">10 marzo, 2020<\/div><div class=\"vcex-blog-entry-excerpt entry-excerpt wpex-my-15 wpex-text-pretty wpex-last-mb-0 wpex-clr\"><p>No hay extracto porque es una entrada protegida.<\/p><\/div><div class=\"vcex-blog-entry-readmore-wrap entry-readmore-wrap wpex-my-15 wpex-clr\"><a href=\"https:\/\/proyectolabor.es\/familias\/2020\/03\/10\/tarta-de-galletas-tipo-oreo-con-y-sin-gluten\/\" class=\"entry-readmore theme-button blue\" aria-label=\"Leer m\u00e1s about Tarta de Galletas tipo Oreo\u00a9 &#8211; con y sin gluten\">Leer m\u00e1s<\/a><\/div><\/div><\/div><\/div><div class=\"vcex-blog-entry vcex-grid-item entry-has-details span_1_of_4 col-3 col vcex-isotope-entry cat-38 cat-13 cat-7 cat-40 entry post-1501 type-post has-media\"><div class=\"vcex-blog-entry-inner entry-inner wpex-first-mt-0 wpex-last-mb-0 wpex-clr\"><div class=\"vcex-blog-entry-media entry-media wpex-relative\"><a href=\"https:\/\/proyectolabor.es\/familias\/2020\/03\/03\/guisantes-frescos-con-jamon-y-huevo-poche\/\" title=\"Guisantes frescos con jam\u00f3n y huevo poch\u00e9\"><img width=\"800\" height=\"533\" src=\"https:\/\/proyectolabor.es\/familias\/wp-content\/uploads\/2020\/03\/guisantes.png\" class=\"vcex-blog-entry-img wpex-align-middle skip-lazy\" alt=\"Guisantes frescos con jam\u00f3n y huevo poch\u00e9\" data-no-lazy=\"1\" srcset=\"https:\/\/proyectolabor.es\/familias\/wp-content\/uploads\/2020\/03\/guisantes.png 800w, https:\/\/proyectolabor.es\/familias\/wp-content\/uploads\/2020\/03\/guisantes-300x200.png 300w, https:\/\/proyectolabor.es\/familias\/wp-content\/uploads\/2020\/03\/guisantes-768x512.png 768w\" sizes=\"(max-width: 800px) 100vw, 800px\" \/><\/a><\/div><div class=\"vcex-blog-entry-details entry-details wpex-bordered wpex-first-mt-0 wpex-last-mb-0 wpex-clr\"><h2 class=\"vcex-blog-entry-title entry-title wpex-mb-5\"><a href=\"https:\/\/proyectolabor.es\/familias\/2020\/03\/03\/guisantes-frescos-con-jamon-y-huevo-poche\/\">Guisantes frescos con jam\u00f3n y huevo poch\u00e9<\/a><\/h2><div class=\"vcex-blog-entry-date entry-date wpex-text-sm wpex-text-3 wpex-mb-5\">3 marzo, 2020<\/div><div class=\"vcex-blog-entry-excerpt entry-excerpt wpex-my-15 wpex-text-pretty wpex-last-mb-0 wpex-clr\"><p>No hay extracto porque es una entrada protegida.<\/p><\/div><div class=\"vcex-blog-entry-readmore-wrap entry-readmore-wrap wpex-my-15 wpex-clr\"><a href=\"https:\/\/proyectolabor.es\/familias\/2020\/03\/03\/guisantes-frescos-con-jamon-y-huevo-poche\/\" class=\"entry-readmore theme-button blue\" aria-label=\"Leer m\u00e1s about Guisantes frescos con jam\u00f3n y huevo poch\u00e9\">Leer m\u00e1s<\/a><\/div><\/div><\/div><\/div><div class=\"vcex-blog-entry vcex-grid-item entry-has-details span_1_of_4 col-4 col vcex-isotope-entry cat-36 cat-13 cat-7 entry post-1479 type-post has-media\"><div class=\"vcex-blog-entry-inner entry-inner wpex-first-mt-0 wpex-last-mb-0 wpex-clr\"><div class=\"vcex-blog-entry-media entry-media wpex-relative\"><a href=\"https:\/\/proyectolabor.es\/familias\/2020\/02\/12\/arroz-con-pollo-receta-facil\/\" title=\"Arroz con Pollo\"><img width=\"800\" height=\"533\" src=\"https:\/\/proyectolabor.es\/familias\/wp-content\/uploads\/2020\/02\/arroz-con-pollo.png\" class=\"vcex-blog-entry-img wpex-align-middle skip-lazy\" alt=\"Arroz con pollo\" data-no-lazy=\"1\" srcset=\"https:\/\/proyectolabor.es\/familias\/wp-content\/uploads\/2020\/02\/arroz-con-pollo.png 800w, https:\/\/proyectolabor.es\/familias\/wp-content\/uploads\/2020\/02\/arroz-con-pollo-300x200.png 300w, https:\/\/proyectolabor.es\/familias\/wp-content\/uploads\/2020\/02\/arroz-con-pollo-768x512.png 768w\" sizes=\"(max-width: 800px) 100vw, 800px\" \/><\/a><\/div><div class=\"vcex-blog-entry-details entry-details wpex-bordered wpex-first-mt-0 wpex-last-mb-0 wpex-clr\"><h2 class=\"vcex-blog-entry-title entry-title wpex-mb-5\"><a href=\"https:\/\/proyectolabor.es\/familias\/2020\/02\/12\/arroz-con-pollo-receta-facil\/\">Arroz con Pollo<\/a><\/h2><div class=\"vcex-blog-entry-date entry-date wpex-text-sm wpex-text-3 wpex-mb-5\">12 febrero, 2020<\/div><div class=\"vcex-blog-entry-excerpt entry-excerpt wpex-my-15 wpex-text-pretty wpex-last-mb-0 wpex-clr\"><p>No hay extracto porque es una entrada protegida.<\/p><\/div><div class=\"vcex-blog-entry-readmore-wrap entry-readmore-wrap wpex-my-15 wpex-clr\"><a href=\"https:\/\/proyectolabor.es\/familias\/2020\/02\/12\/arroz-con-pollo-receta-facil\/\" class=\"entry-readmore theme-button blue\" aria-label=\"Leer m\u00e1s about Arroz con Pollo\">Leer m\u00e1s<\/a><\/div><\/div><\/div><\/div><div class=\"vcex-blog-entry vcex-grid-item entry-has-details span_1_of_4 col-1 col vcex-isotope-entry cat-7 cat-14 cat-40 entry post-1455 type-post has-media\"><div class=\"vcex-blog-entry-inner entry-inner wpex-first-mt-0 wpex-last-mb-0 wpex-clr\"><div class=\"vcex-blog-entry-media entry-media wpex-relative\"><a href=\"https:\/\/proyectolabor.es\/familias\/2020\/02\/07\/hamburguesas-vegetales\/\" title=\"Hamburguesas Vegetales\"><img width=\"626\" height=\"416\" src=\"https:\/\/proyectolabor.es\/familias\/wp-content\/uploads\/2020\/02\/hamburguesa-de-verduras.png\" class=\"vcex-blog-entry-img wpex-align-middle skip-lazy\" alt=\"Hamburguesas de verduras\" data-no-lazy=\"1\" srcset=\"https:\/\/proyectolabor.es\/familias\/wp-content\/uploads\/2020\/02\/hamburguesa-de-verduras.png 626w, https:\/\/proyectolabor.es\/familias\/wp-content\/uploads\/2020\/02\/hamburguesa-de-verduras-300x199.png 300w\" sizes=\"(max-width: 626px) 100vw, 626px\" \/><\/a><\/div><div class=\"vcex-blog-entry-details entry-details wpex-bordered wpex-first-mt-0 wpex-last-mb-0 wpex-clr\"><h2 class=\"vcex-blog-entry-title entry-title wpex-mb-5\"><a href=\"https:\/\/proyectolabor.es\/familias\/2020\/02\/07\/hamburguesas-vegetales\/\">Hamburguesas Vegetales<\/a><\/h2><div class=\"vcex-blog-entry-date entry-date wpex-text-sm wpex-text-3 wpex-mb-5\">7 febrero, 2020<\/div><div class=\"vcex-blog-entry-excerpt entry-excerpt wpex-my-15 wpex-text-pretty wpex-last-mb-0 wpex-clr\"><p>No hay extracto porque es una entrada protegida.<\/p><\/div><div class=\"vcex-blog-entry-readmore-wrap entry-readmore-wrap wpex-my-15 wpex-clr\"><a href=\"https:\/\/proyectolabor.es\/familias\/2020\/02\/07\/hamburguesas-vegetales\/\" class=\"entry-readmore theme-button blue\" aria-label=\"Leer m\u00e1s about Hamburguesas Vegetales\">Leer m\u00e1s<\/a><\/div><\/div><\/div><\/div><div class=\"vcex-blog-entry vcex-grid-item entry-has-details span_1_of_4 col-2 col vcex-isotope-entry cat-38 cat-7 cat-14 entry post-1449 type-post has-media\"><div class=\"vcex-blog-entry-inner entry-inner wpex-first-mt-0 wpex-last-mb-0 wpex-clr\"><div class=\"vcex-blog-entry-media entry-media wpex-relative\"><a href=\"https:\/\/proyectolabor.es\/familias\/2020\/01\/31\/huevos-moll-huevos-villaroy-o-huevos-encapotados\/\" title=\"Huevos Moll, Huevos Villaroy o Huevos Encapotados\"><img width=\"626\" height=\"416\" src=\"https:\/\/proyectolabor.es\/familias\/wp-content\/uploads\/2020\/01\/huevos-moll.jpg\" class=\"vcex-blog-entry-img wpex-align-middle skip-lazy\" alt=\"Recetas de cocina del blog de Proyecto Labor para las familias\" data-no-lazy=\"1\" srcset=\"https:\/\/proyectolabor.es\/familias\/wp-content\/uploads\/2020\/01\/huevos-moll.jpg 626w, https:\/\/proyectolabor.es\/familias\/wp-content\/uploads\/2020\/01\/huevos-moll-300x199.jpg 300w\" sizes=\"(max-width: 626px) 100vw, 626px\" \/><\/a><\/div><div class=\"vcex-blog-entry-details entry-details wpex-bordered wpex-first-mt-0 wpex-last-mb-0 wpex-clr\"><h2 class=\"vcex-blog-entry-title entry-title wpex-mb-5\"><a href=\"https:\/\/proyectolabor.es\/familias\/2020\/01\/31\/huevos-moll-huevos-villaroy-o-huevos-encapotados\/\">Huevos Moll, Huevos Villaroy o Huevos Encapotados<\/a><\/h2><div class=\"vcex-blog-entry-date entry-date wpex-text-sm wpex-text-3 wpex-mb-5\">31 enero, 2020<\/div><div class=\"vcex-blog-entry-excerpt entry-excerpt wpex-my-15 wpex-text-pretty wpex-last-mb-0 wpex-clr\"><p>No hay extracto porque es una entrada protegida.<\/p><\/div><div class=\"vcex-blog-entry-readmore-wrap entry-readmore-wrap wpex-my-15 wpex-clr\"><a href=\"https:\/\/proyectolabor.es\/familias\/2020\/01\/31\/huevos-moll-huevos-villaroy-o-huevos-encapotados\/\" class=\"entry-readmore theme-button blue\" aria-label=\"Leer m\u00e1s about Huevos Moll, Huevos Villaroy o Huevos Encapotados\">Leer m\u00e1s<\/a><\/div><\/div><\/div><\/div><div class=\"vcex-blog-entry vcex-grid-item entry-has-details span_1_of_4 col-3 col vcex-isotope-entry cat-13 cat-7 cat-40 entry post-1141 type-post has-media\"><div class=\"vcex-blog-entry-inner entry-inner wpex-first-mt-0 wpex-last-mb-0 wpex-clr\"><div class=\"vcex-blog-entry-media entry-media wpex-relative\"><a href=\"https:\/\/proyectolabor.es\/familias\/2019\/08\/20\/tortitas-acelgas-queso\/\" title=\"Tortitas de acelgas y queso\"><img width=\"800\" height=\"533\" src=\"https:\/\/proyectolabor.es\/familias\/wp-content\/uploads\/2019\/08\/tortitas-de-acelga-y-queso.jpg\" class=\"vcex-blog-entry-img wpex-align-middle skip-lazy\" alt=\"\" data-no-lazy=\"1\" srcset=\"https:\/\/proyectolabor.es\/familias\/wp-content\/uploads\/2019\/08\/tortitas-de-acelga-y-queso.jpg 800w, https:\/\/proyectolabor.es\/familias\/wp-content\/uploads\/2019\/08\/tortitas-de-acelga-y-queso-300x200.jpg 300w, https:\/\/proyectolabor.es\/familias\/wp-content\/uploads\/2019\/08\/tortitas-de-acelga-y-queso-768x512.jpg 768w, https:\/\/proyectolabor.es\/familias\/wp-content\/uploads\/2019\/08\/tortitas-de-acelga-y-queso-100x67.jpg 100w\" sizes=\"(max-width: 800px) 100vw, 800px\" \/><\/a><\/div><div class=\"vcex-blog-entry-details entry-details wpex-bordered wpex-first-mt-0 wpex-last-mb-0 wpex-clr\"><h2 class=\"vcex-blog-entry-title entry-title wpex-mb-5\"><a href=\"https:\/\/proyectolabor.es\/familias\/2019\/08\/20\/tortitas-acelgas-queso\/\">Tortitas de acelgas y queso<\/a><\/h2><div class=\"vcex-blog-entry-date entry-date wpex-text-sm wpex-text-3 wpex-mb-5\">20 agosto, 2019<\/div><div class=\"vcex-blog-entry-excerpt entry-excerpt wpex-my-15 wpex-text-pretty wpex-last-mb-0 wpex-clr\"><p>No hay extracto porque es una entrada protegida.<\/p><\/div><div class=\"vcex-blog-entry-readmore-wrap entry-readmore-wrap wpex-my-15 wpex-clr\"><a href=\"https:\/\/proyectolabor.es\/familias\/2019\/08\/20\/tortitas-acelgas-queso\/\" class=\"entry-readmore theme-button blue\" aria-label=\"Leer m\u00e1s about Tortitas de acelgas y queso\">Leer m\u00e1s<\/a><\/div><\/div><\/div><\/div><div class=\"vcex-blog-entry vcex-grid-item entry-has-details span_1_of_4 col-4 col vcex-isotope-entry cat-41 cat-13 cat-7 entry post-991 type-post has-media\"><div class=\"vcex-blog-entry-inner entry-inner wpex-first-mt-0 wpex-last-mb-0 wpex-clr\"><div class=\"vcex-blog-entry-media entry-media wpex-relative\"><a href=\"https:\/\/proyectolabor.es\/familias\/2019\/07\/11\/hojaldre-facil-de-jamon-y-queso\/\" title=\"Hojaldre f\u00e1cil de jam\u00f3n y queso\"><img width=\"800\" height=\"533\" src=\"https:\/\/proyectolabor.es\/familias\/wp-content\/uploads\/2019\/07\/hojaldre-jamon-queso-tomate.jpg\" class=\"vcex-blog-entry-img wpex-align-middle skip-lazy\" alt=\"\" data-no-lazy=\"1\" srcset=\"https:\/\/proyectolabor.es\/familias\/wp-content\/uploads\/2019\/07\/hojaldre-jamon-queso-tomate.jpg 800w, https:\/\/proyectolabor.es\/familias\/wp-content\/uploads\/2019\/07\/hojaldre-jamon-queso-tomate-300x200.jpg 300w, https:\/\/proyectolabor.es\/familias\/wp-content\/uploads\/2019\/07\/hojaldre-jamon-queso-tomate-768x512.jpg 768w, https:\/\/proyectolabor.es\/familias\/wp-content\/uploads\/2019\/07\/hojaldre-jamon-queso-tomate-100x67.jpg 100w\" sizes=\"(max-width: 800px) 100vw, 800px\" \/><\/a><\/div><div class=\"vcex-blog-entry-details entry-details wpex-bordered wpex-first-mt-0 wpex-last-mb-0 wpex-clr\"><h2 class=\"vcex-blog-entry-title entry-title wpex-mb-5\"><a href=\"https:\/\/proyectolabor.es\/familias\/2019\/07\/11\/hojaldre-facil-de-jamon-y-queso\/\">Hojaldre f\u00e1cil de jam\u00f3n y queso<\/a><\/h2><div class=\"vcex-blog-entry-date entry-date wpex-text-sm wpex-text-3 wpex-mb-5\">11 julio, 2019<\/div><div class=\"vcex-blog-entry-excerpt entry-excerpt wpex-my-15 wpex-text-pretty wpex-last-mb-0 wpex-clr\"><p>Hoy os traemos una receta f\u00e1cil y deliciosa, que junto con una ensalada, os puede&hellip;<\/p><\/div><div class=\"vcex-blog-entry-readmore-wrap entry-readmore-wrap wpex-my-15 wpex-clr\"><a href=\"https:\/\/proyectolabor.es\/familias\/2019\/07\/11\/hojaldre-facil-de-jamon-y-queso\/\" class=\"entry-readmore theme-button blue\" aria-label=\"Leer m\u00e1s about Hojaldre f\u00e1cil de jam\u00f3n y queso\">Leer m\u00e1s<\/a><\/div><\/div><\/div><\/div><div class=\"vcex-blog-entry vcex-grid-item entry-has-details span_1_of_4 col-1 col vcex-isotope-entry cat-13 cat-7 cat-40 entry post-983 type-post has-media\"><div class=\"vcex-blog-entry-inner entry-inner wpex-first-mt-0 wpex-last-mb-0 wpex-clr\"><div class=\"vcex-blog-entry-media entry-media wpex-relative\"><a href=\"https:\/\/proyectolabor.es\/familias\/2019\/07\/10\/champis-rellenos-al-horno\/\" title=\"Champi\u00f1ones rellenos al horno\"><img width=\"800\" height=\"533\" src=\"https:\/\/proyectolabor.es\/familias\/wp-content\/uploads\/2019\/07\/champi\u00f1ones-rellenos-al-horno.jpg\" class=\"vcex-blog-entry-img wpex-align-middle skip-lazy\" alt=\"\" data-no-lazy=\"1\" srcset=\"https:\/\/proyectolabor.es\/familias\/wp-content\/uploads\/2019\/07\/champi\u00f1ones-rellenos-al-horno.jpg 800w, https:\/\/proyectolabor.es\/familias\/wp-content\/uploads\/2019\/07\/champi\u00f1ones-rellenos-al-horno-300x200.jpg 300w, https:\/\/proyectolabor.es\/familias\/wp-content\/uploads\/2019\/07\/champi\u00f1ones-rellenos-al-horno-768x512.jpg 768w, https:\/\/proyectolabor.es\/familias\/wp-content\/uploads\/2019\/07\/champi\u00f1ones-rellenos-al-horno-100x67.jpg 100w\" sizes=\"(max-width: 800px) 100vw, 800px\" \/><\/a><\/div><div class=\"vcex-blog-entry-details entry-details wpex-bordered wpex-first-mt-0 wpex-last-mb-0 wpex-clr\"><h2 class=\"vcex-blog-entry-title entry-title wpex-mb-5\"><a href=\"https:\/\/proyectolabor.es\/familias\/2019\/07\/10\/champis-rellenos-al-horno\/\">Champi\u00f1ones rellenos al horno<\/a><\/h2><div class=\"vcex-blog-entry-date entry-date wpex-text-sm wpex-text-3 wpex-mb-5\">10 julio, 2019<\/div><div class=\"vcex-blog-entry-excerpt entry-excerpt wpex-my-15 wpex-text-pretty wpex-last-mb-0 wpex-clr\"><p>Seguro que te ha pasado, hay d\u00edas en los que la cena se hace cuesta&hellip;<\/p><\/div><div class=\"vcex-blog-entry-readmore-wrap entry-readmore-wrap wpex-my-15 wpex-clr\"><a href=\"https:\/\/proyectolabor.es\/familias\/2019\/07\/10\/champis-rellenos-al-horno\/\" class=\"entry-readmore theme-button blue\" aria-label=\"Leer m\u00e1s about Champi\u00f1ones rellenos al horno\">Leer m\u00e1s<\/a><\/div><\/div><\/div><\/div><div class=\"vcex-blog-entry vcex-grid-item entry-has-details span_1_of_4 col-2 col vcex-isotope-entry cat-37 cat-7 cat-14 entry post-300 type-post has-media post_tag-18 post_tag-19 post_tag-20\"><div class=\"vcex-blog-entry-inner entry-inner wpex-first-mt-0 wpex-last-mb-0 wpex-clr\"><div class=\"vcex-blog-entry-media entry-media wpex-relative\"><a href=\"https:\/\/proyectolabor.es\/familias\/2019\/03\/05\/rollitos-de-pechuga-de-pollo-y-bacon-al-horno\/\" title=\"Rollitos de Pechuga de Pollo y Bacon al Horno\"><img width=\"800\" height=\"533\" src=\"https:\/\/proyectolabor.es\/familias\/wp-content\/uploads\/2019\/03\/rollitos-de-pollo-y-bacon.jpg\" class=\"vcex-blog-entry-img wpex-align-middle skip-lazy\" alt=\"Rollitos de pollo y bacon con queso gratinado\" data-no-lazy=\"1\" srcset=\"https:\/\/proyectolabor.es\/familias\/wp-content\/uploads\/2019\/03\/rollitos-de-pollo-y-bacon.jpg 800w, https:\/\/proyectolabor.es\/familias\/wp-content\/uploads\/2019\/03\/rollitos-de-pollo-y-bacon-300x200.jpg 300w, https:\/\/proyectolabor.es\/familias\/wp-content\/uploads\/2019\/03\/rollitos-de-pollo-y-bacon-768x512.jpg 768w\" sizes=\"(max-width: 800px) 100vw, 800px\" \/><\/a><\/div><div class=\"vcex-blog-entry-details entry-details wpex-bordered wpex-first-mt-0 wpex-last-mb-0 wpex-clr\"><h2 class=\"vcex-blog-entry-title entry-title wpex-mb-5\"><a href=\"https:\/\/proyectolabor.es\/familias\/2019\/03\/05\/rollitos-de-pechuga-de-pollo-y-bacon-al-horno\/\">Rollitos de Pechuga de Pollo y Bacon al Horno<\/a><\/h2><div class=\"vcex-blog-entry-date entry-date wpex-text-sm wpex-text-3 wpex-mb-5\">5 marzo, 2019<\/div><div class=\"vcex-blog-entry-excerpt entry-excerpt wpex-my-15 wpex-text-pretty wpex-last-mb-0 wpex-clr\"><p>Esta receta es una receta s\u00faper f\u00e1cil de preparar y que seguro que hac\u00e9is m\u00e1s&hellip;<\/p><\/div><div class=\"vcex-blog-entry-readmore-wrap entry-readmore-wrap wpex-my-15 wpex-clr\"><a href=\"https:\/\/proyectolabor.es\/familias\/2019\/03\/05\/rollitos-de-pechuga-de-pollo-y-bacon-al-horno\/\" class=\"entry-readmore theme-button blue\" aria-label=\"Leer m\u00e1s about Rollitos de Pechuga de Pollo y Bacon al Horno\">Leer m\u00e1s<\/a><\/div><\/div><\/div><\/div><div class=\"vcex-blog-entry vcex-grid-item entry-has-details span_1_of_4 col-3 col vcex-isotope-entry cat-15 cat-7 cat-40 entry post-285 type-post has-media post_tag-11 post_tag-8 post_tag-10 post_tag-9\"><div class=\"vcex-blog-entry-inner entry-inner wpex-first-mt-0 wpex-last-mb-0 wpex-clr\"><div class=\"vcex-blog-entry-media entry-media wpex-relative\"><a href=\"https:\/\/proyectolabor.es\/familias\/2019\/03\/05\/patatas-a-las-finas-hierbas\/\" title=\"Patatas a las finas hierbas\"><img width=\"800\" height=\"533\" src=\"https:\/\/proyectolabor.es\/familias\/wp-content\/uploads\/2019\/03\/patatas-con-hierbas-.jpg\" class=\"vcex-blog-entry-img wpex-align-middle skip-lazy\" alt=\"Receta de patatas asadas con hierbas arom\u00e1ticas\" data-no-lazy=\"1\" srcset=\"https:\/\/proyectolabor.es\/familias\/wp-content\/uploads\/2019\/03\/patatas-con-hierbas-.jpg 800w, https:\/\/proyectolabor.es\/familias\/wp-content\/uploads\/2019\/03\/patatas-con-hierbas--300x200.jpg 300w, https:\/\/proyectolabor.es\/familias\/wp-content\/uploads\/2019\/03\/patatas-con-hierbas--768x512.jpg 768w\" sizes=\"(max-width: 800px) 100vw, 800px\" \/><\/a><\/div><div class=\"vcex-blog-entry-details entry-details wpex-bordered wpex-first-mt-0 wpex-last-mb-0 wpex-clr\"><h2 class=\"vcex-blog-entry-title entry-title wpex-mb-5\"><a href=\"https:\/\/proyectolabor.es\/familias\/2019\/03\/05\/patatas-a-las-finas-hierbas\/\">Patatas a las finas hierbas<\/a><\/h2><div class=\"vcex-blog-entry-date entry-date wpex-text-sm wpex-text-3 wpex-mb-5\">5 marzo, 2019<\/div><div class=\"vcex-blog-entry-excerpt entry-excerpt wpex-my-15 wpex-text-pretty wpex-last-mb-0 wpex-clr\"><p>Una guarnici\u00f3n deliciosa y f\u00e1cil de hacer<\/p><\/div><div class=\"vcex-blog-entry-readmore-wrap entry-readmore-wrap wpex-my-15 wpex-clr\"><a href=\"https:\/\/proyectolabor.es\/familias\/2019\/03\/05\/patatas-a-las-finas-hierbas\/\" class=\"entry-readmore theme-button blue\" aria-label=\"Leer m\u00e1s about Patatas a las finas hierbas\">Leer m\u00e1s<\/a><\/div><\/div><\/div><\/div><\/div><\/div>[\/vc_column][vc_column][\/vc_column][\/vc_row]\n<\/div>","protected":false},"excerpt":{"rendered":"<p>[vc_row][vc_column][vc_custom_heading text=\u00bbRecetas que te proponemos&#8230;\u00bb font_container=\u00bbtag:h2|font_size:30|text_align:left|color:%23dd3333&#8243; google_fonts=\u00bbfont_family:Permanent%20Marker%3Aregular|font_style:400%20regular%3A400%3Anormal\u00bb][vc_column_text]Para esos d\u00edas de prisas.. o para esos d\u00edas en los que no te ha dado tiempo a hacer la compra&#8230; te proponemos recetas f\u00e1ciles y r\u00e1pidas de hacer. Tambi\u00e9n incluimos recetas para los d\u00edas de fiesta, y los fines de semana&#8230;[\/vc_column_text][\/vc_column][vc_column][\/vc_column][vc_column][\/vc_column][\/vc_row]<\/p>\n","protected":false},"author":1,"featured_media":0,"parent":0,"menu_order":0,"comment_status":"closed","ping_status":"closed","template":"","meta":{"footnotes":""},"class_list":["post-220","page","type-page","status-publish","hentry","entry","has-media"],"yoast_head":"<!-- This site is optimized with the Yoast SEO plugin v27.4 - https:\/\/yoast.com\/product\/yoast-seo-wordpress\/ -->\n<title>Recetas - Proyecto Labor, informaci\u00f3n para las familias<\/title>\n<meta name=\"robots\" content=\"index, follow, max-snippet:-1, max-image-preview:large, max-video-preview:-1\" \/>\n<link rel=\"canonical\" href=\"https:\/\/proyectolabor.es\/familias\/recetas\/\" \/>\n<meta property=\"og:locale\" content=\"es_ES\" \/>\n<meta property=\"og:type\" content=\"article\" \/>\n<meta property=\"og:title\" content=\"Recetas - Proyecto Labor, informaci\u00f3n para las familias\" \/>\n<meta property=\"og:description\" content=\"[vc_row][vc_column][vc_custom_heading text=\u00bbRecetas que te proponemos&#8230;\u00bb font_container=\u00bbtag:h2|font_size:30|text_align:left|color:%23dd3333&#8243; google_fonts=\u00bbfont_family:Permanent%20Marker%3Aregular|font_style:400%20regular%3A400%3Anormal\u00bb][vc_column_text]Para esos d\u00edas de prisas.. o para esos d\u00edas en los que no te ha dado tiempo a hacer la compra&#8230; te proponemos recetas f\u00e1ciles y r\u00e1pidas de hacer. Tambi\u00e9n incluimos recetas para los d\u00edas de fiesta, y los fines de semana&#8230;[\/vc_column_text][\/vc_column][vc_column][\/vc_column][vc_column][\/vc_column][\/vc_row]\" \/>\n<meta property=\"og:url\" content=\"https:\/\/proyectolabor.es\/familias\/recetas\/\" \/>\n<meta property=\"og:site_name\" content=\"Proyecto Labor, informaci\u00f3n para las familias\" \/>\n<meta property=\"article:publisher\" content=\"https:\/\/www.facebook.com\/ProyectoLabor\/\" \/>\n<meta property=\"article:modified_time\" content=\"2020-02-12T15:01:31+00:00\" \/>\n<meta name=\"twitter:card\" content=\"summary_large_image\" \/>\n<meta name=\"twitter:site\" content=\"@ProyectoLabor\" \/>\n<meta name=\"twitter:label1\" content=\"Tiempo de lectura\" \/>\n\t<meta name=\"twitter:data1\" content=\"1 minuto\" \/>\n<script type=\"application\/ld+json\" class=\"yoast-schema-graph\">{\"@context\":\"https:\\\/\\\/schema.org\",\"@graph\":[{\"@type\":\"WebPage\",\"@id\":\"https:\\\/\\\/proyectolabor.es\\\/familias\\\/recetas\\\/\",\"url\":\"https:\\\/\\\/proyectolabor.es\\\/familias\\\/recetas\\\/\",\"name\":\"Recetas - Proyecto Labor, informaci\u00f3n para las familias\",\"isPartOf\":{\"@id\":\"https:\\\/\\\/proyectolabor.es\\\/familias\\\/#website\"},\"datePublished\":\"2019-03-05T12:14:26+00:00\",\"dateModified\":\"2020-02-12T15:01:31+00:00\",\"breadcrumb\":{\"@id\":\"https:\\\/\\\/proyectolabor.es\\\/familias\\\/recetas\\\/#breadcrumb\"},\"inLanguage\":\"es\",\"potentialAction\":[{\"@type\":\"ReadAction\",\"target\":[\"https:\\\/\\\/proyectolabor.es\\\/familias\\\/recetas\\\/\"]}]},{\"@type\":\"BreadcrumbList\",\"@id\":\"https:\\\/\\\/proyectolabor.es\\\/familias\\\/recetas\\\/#breadcrumb\",\"itemListElement\":[{\"@type\":\"ListItem\",\"position\":1,\"name\":\"Portada\",\"item\":\"https:\\\/\\\/proyectolabor.es\\\/familias\\\/\"},{\"@type\":\"ListItem\",\"position\":2,\"name\":\"Recetas\"}]},{\"@type\":\"WebSite\",\"@id\":\"https:\\\/\\\/proyectolabor.es\\\/familias\\\/#website\",\"url\":\"https:\\\/\\\/proyectolabor.es\\\/familias\\\/\",\"name\":\"Proyecto Labor, informaci\u00f3n para las familias\",\"description\":\"Gesti\u00f3n de Comedores Escolares\",\"publisher\":{\"@id\":\"https:\\\/\\\/proyectolabor.es\\\/familias\\\/#organization\"},\"potentialAction\":[{\"@type\":\"SearchAction\",\"target\":{\"@type\":\"EntryPoint\",\"urlTemplate\":\"https:\\\/\\\/proyectolabor.es\\\/familias\\\/?s={search_term_string}\"},\"query-input\":{\"@type\":\"PropertyValueSpecification\",\"valueRequired\":true,\"valueName\":\"search_term_string\"}}],\"inLanguage\":\"es\"},{\"@type\":\"Organization\",\"@id\":\"https:\\\/\\\/proyectolabor.es\\\/familias\\\/#organization\",\"name\":\"Proyecto Labor S.L.\",\"url\":\"https:\\\/\\\/proyectolabor.es\\\/familias\\\/\",\"logo\":{\"@type\":\"ImageObject\",\"inLanguage\":\"es\",\"@id\":\"https:\\\/\\\/proyectolabor.es\\\/familias\\\/#\\\/schema\\\/logo\\\/image\\\/\",\"url\":\"https:\\\/\\\/proyectolabor.es\\\/familias\\\/wp-content\\\/uploads\\\/2019\\\/03\\\/logo-emai.png\",\"contentUrl\":\"https:\\\/\\\/proyectolabor.es\\\/familias\\\/wp-content\\\/uploads\\\/2019\\\/03\\\/logo-emai.png\",\"width\":100,\"height\":106,\"caption\":\"Proyecto Labor S.L.\"},\"image\":{\"@id\":\"https:\\\/\\\/proyectolabor.es\\\/familias\\\/#\\\/schema\\\/logo\\\/image\\\/\"},\"sameAs\":[\"https:\\\/\\\/www.facebook.com\\\/ProyectoLabor\\\/\",\"https:\\\/\\\/x.com\\\/ProyectoLabor\",\"https:\\\/\\\/www.linkedin.com\\\/company\\\/proyecto-labor\\\/\"]}]}<\/script>\n<!-- \/ Yoast SEO plugin. -->","yoast_head_json":{"title":"Recetas - Proyecto Labor, informaci\u00f3n para las familias","robots":{"index":"index","follow":"follow","max-snippet":"max-snippet:-1","max-image-preview":"max-image-preview:large","max-video-preview":"max-video-preview:-1"},"canonical":"https:\/\/proyectolabor.es\/familias\/recetas\/","og_locale":"es_ES","og_type":"article","og_title":"Recetas - Proyecto Labor, informaci\u00f3n para las familias","og_description":"[vc_row][vc_column][vc_custom_heading text=\u00bbRecetas que te proponemos&#8230;\u00bb font_container=\u00bbtag:h2|font_size:30|text_align:left|color:%23dd3333&#8243; google_fonts=\u00bbfont_family:Permanent%20Marker%3Aregular|font_style:400%20regular%3A400%3Anormal\u00bb][vc_column_text]Para esos d\u00edas de prisas.. o para esos d\u00edas en los que no te ha dado tiempo a hacer la compra&#8230; te proponemos recetas f\u00e1ciles y r\u00e1pidas de hacer. Tambi\u00e9n incluimos recetas para los d\u00edas de fiesta, y los fines de semana&#8230;[\/vc_column_text][\/vc_column][vc_column][\/vc_column][vc_column][\/vc_column][\/vc_row]","og_url":"https:\/\/proyectolabor.es\/familias\/recetas\/","og_site_name":"Proyecto Labor, informaci\u00f3n para las familias","article_publisher":"https:\/\/www.facebook.com\/ProyectoLabor\/","article_modified_time":"2020-02-12T15:01:31+00:00","twitter_card":"summary_large_image","twitter_site":"@ProyectoLabor","twitter_misc":{"Tiempo de lectura":"1 minuto"},"schema":{"@context":"https:\/\/schema.org","@graph":[{"@type":"WebPage","@id":"https:\/\/proyectolabor.es\/familias\/recetas\/","url":"https:\/\/proyectolabor.es\/familias\/recetas\/","name":"Recetas - Proyecto Labor, informaci\u00f3n para las familias","isPartOf":{"@id":"https:\/\/proyectolabor.es\/familias\/#website"},"datePublished":"2019-03-05T12:14:26+00:00","dateModified":"2020-02-12T15:01:31+00:00","breadcrumb":{"@id":"https:\/\/proyectolabor.es\/familias\/recetas\/#breadcrumb"},"inLanguage":"es","potentialAction":[{"@type":"ReadAction","target":["https:\/\/proyectolabor.es\/familias\/recetas\/"]}]},{"@type":"BreadcrumbList","@id":"https:\/\/proyectolabor.es\/familias\/recetas\/#breadcrumb","itemListElement":[{"@type":"ListItem","position":1,"name":"Portada","item":"https:\/\/proyectolabor.es\/familias\/"},{"@type":"ListItem","position":2,"name":"Recetas"}]},{"@type":"WebSite","@id":"https:\/\/proyectolabor.es\/familias\/#website","url":"https:\/\/proyectolabor.es\/familias\/","name":"Proyecto Labor, informaci\u00f3n para las familias","description":"Gesti\u00f3n de Comedores Escolares","publisher":{"@id":"https:\/\/proyectolabor.es\/familias\/#organization"},"potentialAction":[{"@type":"SearchAction","target":{"@type":"EntryPoint","urlTemplate":"https:\/\/proyectolabor.es\/familias\/?s={search_term_string}"},"query-input":{"@type":"PropertyValueSpecification","valueRequired":true,"valueName":"search_term_string"}}],"inLanguage":"es"},{"@type":"Organization","@id":"https:\/\/proyectolabor.es\/familias\/#organization","name":"Proyecto Labor S.L.","url":"https:\/\/proyectolabor.es\/familias\/","logo":{"@type":"ImageObject","inLanguage":"es","@id":"https:\/\/proyectolabor.es\/familias\/#\/schema\/logo\/image\/","url":"https:\/\/proyectolabor.es\/familias\/wp-content\/uploads\/2019\/03\/logo-emai.png","contentUrl":"https:\/\/proyectolabor.es\/familias\/wp-content\/uploads\/2019\/03\/logo-emai.png","width":100,"height":106,"caption":"Proyecto Labor S.L."},"image":{"@id":"https:\/\/proyectolabor.es\/familias\/#\/schema\/logo\/image\/"},"sameAs":["https:\/\/www.facebook.com\/ProyectoLabor\/","https:\/\/x.com\/ProyectoLabor","https:\/\/www.linkedin.com\/company\/proyecto-labor\/"]}]}},"_links":{"self":[{"href":"https:\/\/proyectolabor.es\/familias\/wp-json\/wp\/v2\/pages\/220","targetHints":{"allow":["GET"]}}],"collection":[{"href":"https:\/\/proyectolabor.es\/familias\/wp-json\/wp\/v2\/pages"}],"about":[{"href":"https:\/\/proyectolabor.es\/familias\/wp-json\/wp\/v2\/types\/page"}],"author":[{"embeddable":true,"href":"https:\/\/proyectolabor.es\/familias\/wp-json\/wp\/v2\/users\/1"}],"replies":[{"embeddable":true,"href":"https:\/\/proyectolabor.es\/familias\/wp-json\/wp\/v2\/comments?post=220"}],"version-history":[{"count":6,"href":"https:\/\/proyectolabor.es\/familias\/wp-json\/wp\/v2\/pages\/220\/revisions"}],"predecessor-version":[{"id":1490,"href":"https:\/\/proyectolabor.es\/familias\/wp-json\/wp\/v2\/pages\/220\/revisions\/1490"}],"wp:attachment":[{"href":"https:\/\/proyectolabor.es\/familias\/wp-json\/wp\/v2\/media?parent=220"}],"curies":[{"name":"wp","href":"https:\/\/api.w.org\/{rel}","templated":true}]}}